{"id":7324,"date":"2026-02-26T14:12:00","date_gmt":"2026-02-26T11:12:00","guid":{"rendered":"https:\/\/www.arkaraf.com\/?post_type=product&#038;p=7324"},"modified":"2026-02-26T14:12:00","modified_gmt":"2026-02-26T11:12:00","slug":"kuresel-krizler-caginda-duzensiz-goc-ve-insanligin-ekolojik-gelecegi-caglar-erbek","status":"publish","type":"product","link":"http:\/\/www.arkaraf.com\/en\/kitap\/kuresel-krizler-caginda-duzensiz-goc-ve-insanligin-ekolojik-gelecegi-caglar-erbek","title":{"rendered":"K\u00fcresel Krizler \u00c7a\u011f\u0131nda D\u00fczensiz G\u00f6\u00e7 ve \u0130nsanl\u0131\u011f\u0131n Ekolojik Gelece\u011fi &#8211; \u00c7a\u011flar Erbek"},"content":{"rendered":"<p data-renderer-start-pos=\"1\">21. y\u00fczy\u0131l\u0131n e\u015fi\u011finde insanl\u0131k, tarihin en karma\u015f\u0131k denkleminde yol al\u0131yor: iklim krizi, sava\u015flar, ekonomik dengesizlikler ve siyasal k\u0131r\u0131lmalar\u2026 Bu k\u00fcresel t\u00fcrb\u00fclans\u0131n ortas\u0131nda \u201cinsan\u201d art\u0131k yaln\u0131zca bir yurtta\u015f de\u011fil, ayn\u0131 zamanda \u201cgezegenin g\u00f6\u00e7meni\u201d haline geliyor.<\/p>\n<p data-renderer-start-pos=\"272\"><strong data-renderer-mark=\"true\">\u00c7a\u011flar Erbek<\/strong>, bu eserde modern d\u00fcnyan\u0131n d\u00fczensiz g\u00f6\u00e7 sorununu yaln\u0131zca bir g\u00fcvenlik ya da ekonomi meselesi olarak de\u011fil; ekolojik, k\u00fclt\u00fcrel ve ahlaki bir k\u0131r\u0131lma hatt\u0131 olarak ele al\u0131yor. Kitap, k\u00fcresel krizlerin g\u00f6lgesinde \u015fekillenen yeni g\u00f6\u00e7 dalgalar\u0131n\u0131; kuruyan nehirlerin, \u00e7\u00f6lle\u015fen topraklar\u0131n ve yanan ormanlar\u0131n diliyle anlat\u0131yor.<\/p>\n<p data-renderer-start-pos=\"609\">Bilimsel verilerle desteklenen analizler, saha ara\u015ft\u0131rmalar\u0131 ve felsefi yorumlarla derinle\u015fen bu \u00e7al\u0131\u015fma, insanl\u0131\u011f\u0131n gelece\u011fini yaln\u0131zca s\u0131n\u0131rlar, vizeler ve duvarlar \u00fczerinden de\u011fil; do\u011fayla kurdu\u011fu ba\u011f\u0131n s\u00fcrd\u00fcr\u00fclebilirli\u011fi \u00fczerinden sorguluyor.<\/p>\n<p data-renderer-start-pos=\"857\">\u201cK\u00fcresel Krizler \u00c7a\u011f\u0131nda D\u00fczensiz G\u00f6\u00e7 ve \u0130nsanl\u0131\u011f\u0131n Ekolojik Gelece\u011fi\u201d sadece bir kitap de\u011fil; insanl\u0131\u011f\u0131n kendi yaratt\u0131\u011f\u0131 kaosta y\u00f6n\u00fcn\u00fc yeniden bulma \u00e7a\u011fr\u0131s\u0131d\u0131r. \u00c7\u00fcnk\u00fc bu \u00e7a\u011fda g\u00f6\u00e7men sadece insan de\u011fil; toprak da, su da, hava da g\u00f6\u00e7\u00fcyor\u2026<\/p>","protected":false},"excerpt":{"rendered":"<p>21. y\u00fczy\u0131l\u0131n e\u015fi\u011finde insanl\u0131k, tarihin en karma\u015f\u0131k denkleminde yol al\u0131yor: iklim krizi, sava\u015flar, ekonomik dengesizlikler ve siyasal k\u0131r\u0131lmalar\u2026 Bu k\u00fcresel t\u00fcrb\u00fclans\u0131n ortas\u0131nda \u201cinsan\u201d art\u0131k yaln\u0131zca bir yurtta\u015f de\u011fil, ayn\u0131 zamanda \u201cgezegenin g\u00f6\u00e7meni\u201d haline geliyor. \u00c7a\u011flar Erbek, bu eserde modern d\u00fcnyan\u0131n d\u00fczensiz g\u00f6\u00e7 sorununu yaln\u0131zca bir g\u00fcvenlik ya da ekonomi meselesi olarak de\u011fil; ekolojik, k\u00fclt\u00fcrel ve [&hellip;]<\/p>\n","protected":false},"featured_media":7325,"comment_status":"open","ping_status":"closed","template":"","meta":{"inline_featured_image":false},"product_cat":[326],"product_tag":[],"class_list":{"0":"post-7324","1":"product","2":"type-product","3":"status-publish","4":"has-post-thumbnail","6":"product_cat-arastirma-inceleme","8":"first","9":"instock","10":"sale","11":"shipping-taxable","12":"purchasable","13":"product-type-simple"},"_links":{"self":[{"href":"http:\/\/www.arkaraf.com\/en\/wp-json\/wp\/v2\/product\/7324","targetHints":{"allow":["GET"]}}],"collection":[{"href":"http:\/\/www.arkaraf.com\/en\/wp-json\/wp\/v2\/product"}],"about":[{"href":"http:\/\/www.arkaraf.com\/en\/wp-json\/wp\/v2\/types\/product"}],"replies":[{"embeddable":true,"href":"http:\/\/www.arkaraf.com\/en\/wp-json\/wp\/v2\/comments?post=7324"}],"wp:featuredmedia":[{"embeddable":true,"href":"http:\/\/www.arkaraf.com\/en\/wp-json\/wp\/v2\/media\/7325"}],"wp:attachment":[{"href":"http:\/\/www.arkaraf.com\/en\/wp-json\/wp\/v2\/media?parent=7324"}],"wp:term":[{"taxonomy":"product_cat","embeddable":true,"href":"http:\/\/www.arkaraf.com\/en\/wp-json\/wp\/v2\/product_cat?post=7324"},{"taxonomy":"product_tag","embeddable":true,"href":"http:\/\/www.arkaraf.com\/en\/wp-json\/wp\/v2\/product_tag?post=7324"}],"curies":[{"name":"wp","href":"https:\/\/api.w.org\/{rel}","templated":true}]}}