{"id":7274,"date":"2026-02-26T12:32:29","date_gmt":"2026-02-26T09:32:29","guid":{"rendered":"https:\/\/www.arkaraf.com\/?post_type=product&#038;p=7274"},"modified":"2026-02-26T12:32:29","modified_gmt":"2026-02-26T09:32:29","slug":"bana-derler-cilgin-hademe-3-selami-ozcil","status":"publish","type":"product","link":"http:\/\/www.arkaraf.com\/en\/kitap\/bana-derler-cilgin-hademe-3-selami-ozcil","title":{"rendered":"Bana Derler \u00c7\u0131lg\u0131n Hademe 3 &#8211; Selami \u00d6z\u00e7il"},"content":{"rendered":"<p data-renderer-start-pos=\"27\">7.12.1989 tarihinde Beyo\u011flu Ok\u00e7u Musa \u0130lk\u00f6\u011fretim Okulu&#8217;nda hizmetli olarak g\u00f6reve ba\u015flad\u0131m. 23.9.1991\u2019de Beyo\u011flu Ay\u015fe Ege K\u0131z Meslek Lisesi&#8217;ne atand\u0131m. \u0130ste\u011fe ba\u011fl\u0131 yer de\u011fi\u015fikli\u011fi yaparak 16.1.1996\u2019da Beykoz Kavac\u0131k \u0130lk\u00f6\u011fretim Okulu&#8217;nda \u00e7al\u0131\u015fmaya ba\u015flad\u0131m.<\/p>\n<p data-renderer-start-pos=\"290\">24.2.2012\u2019de ise Beykoz Kavac\u0131k \u0130lk\u00f6\u011fretim Okulu&#8217;ndan emekli oldum.<\/p>\n<p data-renderer-start-pos=\"359\">Her insan\u0131n i\u00e7inde bir \u00e7\u0131lg\u0131nl\u0131k vard\u0131r. Biraz \u00e7\u0131lg\u0131n, biraz deli dolu, biraz da \u00e7ocuksu bir yap\u0131m var. Ne zaman ne yapaca\u011f\u0131m belli olmaz; adeta palya\u00e7o gibiyim. Kah g\u00fclerim, kah a\u011flar\u0131m. Tek fark\u0131m ise giyimim-ku\u015fam\u0131m; y\u00fcz\u00fcm\u00fc boyay\u0131p maske takmamamd\u0131r.<\/p>\n<p data-renderer-start-pos=\"614\">Beykoz Kavac\u0131k \u0130lk\u00f6\u011fretim Okulu&#8217;nda g\u00f6rev yapt\u0131\u011f\u0131m d\u00f6nemde \u00e7ocuklarla \u015fakala\u015f\u0131r, \u015faklabanl\u0131k yapard\u0131m. Bu s\u0131rada bir \u00f6\u011fretmen arkada\u015f\u0131m beni g\u00f6zlemleyerek \u201c\u00c7\u0131lg\u0131n Hademe\u201d isimli bir kitap yazd\u0131. Bu durum beni \u00e7ok mutlu etti ve o zamandan sonra ismim \u201c\u00c7\u0131lg\u0131n Hademe\u201d olarak kald\u0131.<\/p>\n<p data-renderer-start-pos=\"895\">Neredeyse her insan\u0131n i\u00e7inde bir par\u00e7a \u00e7\u0131lg\u0131nl\u0131k vard\u0131r ve bu \u00e7\u0131lg\u0131nl\u0131k bizi insan yapan \u015feylerden biridir. Her insan\u0131n i\u00e7inde bir nebze \u00e7\u0131lg\u0131nl\u0131k, bir nebze deli doluluk, bir nebze de \u00e7ocuksuluk bulunur. Ancak \u00f6nemli olan tek \u015fey, bir insan\u0131 mutlu edip sevindirebilmektir. E\u011fer bunu ba\u015farabiliyorsa, ne mutlu o insana!<\/p>","protected":false},"excerpt":{"rendered":"<p>7.12.1989 tarihinde Beyo\u011flu Ok\u00e7u Musa \u0130lk\u00f6\u011fretim Okulu&#8217;nda hizmetli olarak g\u00f6reve ba\u015flad\u0131m. 23.9.1991\u2019de Beyo\u011flu Ay\u015fe Ege K\u0131z Meslek Lisesi&#8217;ne atand\u0131m. \u0130ste\u011fe ba\u011fl\u0131 yer de\u011fi\u015fikli\u011fi yaparak 16.1.1996\u2019da Beykoz Kavac\u0131k \u0130lk\u00f6\u011fretim Okulu&#8217;nda \u00e7al\u0131\u015fmaya ba\u015flad\u0131m. 24.2.2012\u2019de ise Beykoz Kavac\u0131k \u0130lk\u00f6\u011fretim Okulu&#8217;ndan emekli oldum. Her insan\u0131n i\u00e7inde bir \u00e7\u0131lg\u0131nl\u0131k vard\u0131r. Biraz \u00e7\u0131lg\u0131n, biraz deli dolu, biraz da \u00e7ocuksu bir yap\u0131m [&hellip;]<\/p>\n","protected":false},"featured_media":7275,"comment_status":"open","ping_status":"closed","template":"","meta":{"inline_featured_image":false},"product_cat":[1020],"product_tag":[],"class_list":{"0":"post-7274","1":"product","2":"type-product","3":"status-publish","4":"has-post-thumbnail","6":"product_cat-siir","8":"first","9":"instock","10":"sale","11":"shipping-taxable","12":"purchasable","13":"product-type-simple"},"_links":{"self":[{"href":"http:\/\/www.arkaraf.com\/en\/wp-json\/wp\/v2\/product\/7274","targetHints":{"allow":["GET"]}}],"collection":[{"href":"http:\/\/www.arkaraf.com\/en\/wp-json\/wp\/v2\/product"}],"about":[{"href":"http:\/\/www.arkaraf.com\/en\/wp-json\/wp\/v2\/types\/product"}],"replies":[{"embeddable":true,"href":"http:\/\/www.arkaraf.com\/en\/wp-json\/wp\/v2\/comments?post=7274"}],"wp:featuredmedia":[{"embeddable":true,"href":"http:\/\/www.arkaraf.com\/en\/wp-json\/wp\/v2\/media\/7275"}],"wp:attachment":[{"href":"http:\/\/www.arkaraf.com\/en\/wp-json\/wp\/v2\/media?parent=7274"}],"wp:term":[{"taxonomy":"product_cat","embeddable":true,"href":"http:\/\/www.arkaraf.com\/en\/wp-json\/wp\/v2\/product_cat?post=7274"},{"taxonomy":"product_tag","embeddable":true,"href":"http:\/\/www.arkaraf.com\/en\/wp-json\/wp\/v2\/product_tag?post=7274"}],"curies":[{"name":"wp","href":"https:\/\/api.w.org\/{rel}","templated":true}]}}