{"id":6768,"date":"2025-10-16T12:05:03","date_gmt":"2025-10-16T09:05:03","guid":{"rendered":"http:\/\/www.arkaraf.com\/kitap\/kalem-benim-mugla-benim-zulkuf-ozcepik"},"modified":"2025-10-16T12:05:27","modified_gmt":"2025-10-16T09:05:27","slug":"kalem-benim-mugla-benim-zulkuf-ozcepik","status":"publish","type":"product","link":"http:\/\/www.arkaraf.com\/en\/kitap\/kalem-benim-mugla-benim-zulkuf-ozcepik","title":{"rendered":"Kalem Benim Mu\u011fla Benim &#8211; Z\u00fclk\u00fcf \u00d6z\u00e7epik"},"content":{"rendered":"<p>Adeta bir masal diyar\u0131, mavi ve ye\u015filin her tonunu bar\u0131nd\u0131ran, tarifsiz g\u00fczellikteki Mu\u011fla&#8217;m\u0131z\u0131 \u015eehit Er G\u00fcrsel \u00c7elik Ortaokulu \u015eiir Ailesi olarak gezdik,g\u00f6rd\u00fck, ara\u015ft\u0131rd\u0131k.\u00d6\u011frendiklerimizi, g\u00f6rd\u00fcklerimizi ve duygular\u0131m\u0131z\u0131, dilimiz d\u00f6nd\u00fc\u011f\u00fcnce siz sevgili okuyucular\u0131m\u0131z i\u00e7in dizelere d\u00f6kmeye \u00e7al\u0131\u015ft\u0131k. Be\u011fenerek okuman\u0131z dile\u011fiyle, y\u00fcrekten selamlar ve sevgiler hepinize&#8230;<\/p>\n<p style=\"text-align: center;\"><strong>YAZARLAR<\/strong><\/p>\n<p style=\"text-align: center;\">Ebral Uysal<\/p>\n<p style=\"text-align: center;\">Ay\u015fe Sema Kocaba\u015f<\/p>\n<p style=\"text-align: center;\">Zeynep Ar\u0131c\u0131<\/p>\n<p style=\"text-align: center;\">Kerem Y\u00fcksel<\/p>\n<p style=\"text-align: center;\">Sudenaz \u015een<\/p>\n<p style=\"text-align: center;\">Azat Mesti<\/p>\n<p style=\"text-align: center;\">Neslihan Y\u00f6r\u00fck<\/p>\n<p style=\"text-align: center;\">Sevgi Akkurt<\/p>\n<p style=\"text-align: center;\">Ada \u00c7ak\u0131r<\/p>\n<p style=\"text-align: center;\">Hira Ay\u015fe Durukan<\/p>\n<p style=\"text-align: center;\">\u0130rem Apan<\/p>\n<p style=\"text-align: center;\">Zeynep Sena Kocaba\u015f<\/p>\n<p style=\"text-align: center;\">Sevim Nazl\u0131 Horzum<\/p>\n<p style=\"text-align: center;\">\u015eevval Akkurt<\/p>\n<p style=\"text-align: center;\">Meryem Sahra Oklu<\/p>\n<table width=\"100%\">\n<tbody>\n<tr>\n<td>&nbsp;<\/td>\n<\/tr>\n<\/tbody>\n<\/table>\n<p>&nbsp;<\/p>","protected":false},"excerpt":{"rendered":"<p>Adeta bir masal diyar\u0131, mavi ve ye\u015filin her tonunu bar\u0131nd\u0131ran, tarifsiz g\u00fczellikteki Mu\u011fla&#8217;m\u0131z\u0131 \u015eehit Er G\u00fcrsel \u00c7elik Ortaokulu \u015eiir Ailesi olarak gezdik,g\u00f6rd\u00fck, ara\u015ft\u0131rd\u0131k.\u00d6\u011frendiklerimizi, g\u00f6rd\u00fcklerimizi ve duygular\u0131m\u0131z\u0131, dilimiz d\u00f6nd\u00fc\u011f\u00fcnce siz sevgili okuyucular\u0131m\u0131z i\u00e7in dizelere d\u00f6kmeye \u00e7al\u0131\u015ft\u0131k. Be\u011fenerek okuman\u0131z dile\u011fiyle, y\u00fcrekten selamlar ve sevgiler hepinize&#8230; YAZARLAR Ebral Uysal Ay\u015fe Sema Kocaba\u015f Zeynep Ar\u0131c\u0131 Kerem Y\u00fcksel Sudenaz \u015een [&hellip;]<\/p>\n","protected":false},"featured_media":6769,"comment_status":"closed","ping_status":"open","template":"","meta":{"inline_featured_image":false},"product_cat":[1020,1019],"product_tag":[],"class_list":{"0":"post-6768","1":"product","2":"type-product","3":"status-publish","4":"has-post-thumbnail","6":"product_cat-siir","7":"product_cat-edebiyat","8":"pa_boyut-135-x-195-cm","9":"pa_dil-turkce","10":"pa_sayfa-sayisi-778","11":"pa_yayin-tarihi-4-4-2024","12":"pa_yazar-zulkuf-ozcepik","14":"first","15":"instock","16":"sale","17":"purchasable","18":"product-type-simple"},"_links":{"self":[{"href":"http:\/\/www.arkaraf.com\/en\/wp-json\/wp\/v2\/product\/6768","targetHints":{"allow":["GET"]}}],"collection":[{"href":"http:\/\/www.arkaraf.com\/en\/wp-json\/wp\/v2\/product"}],"about":[{"href":"http:\/\/www.arkaraf.com\/en\/wp-json\/wp\/v2\/types\/product"}],"replies":[{"embeddable":true,"href":"http:\/\/www.arkaraf.com\/en\/wp-json\/wp\/v2\/comments?post=6768"}],"wp:featuredmedia":[{"embeddable":true,"href":"http:\/\/www.arkaraf.com\/en\/wp-json\/wp\/v2\/media\/6769"}],"wp:attachment":[{"href":"http:\/\/www.arkaraf.com\/en\/wp-json\/wp\/v2\/media?parent=6768"}],"wp:term":[{"taxonomy":"product_cat","embeddable":true,"href":"http:\/\/www.arkaraf.com\/en\/wp-json\/wp\/v2\/product_cat?post=6768"},{"taxonomy":"product_tag","embeddable":true,"href":"http:\/\/www.arkaraf.com\/en\/wp-json\/wp\/v2\/product_tag?post=6768"}],"curies":[{"name":"wp","href":"https:\/\/api.w.org\/{rel}","templated":true}]}}