{"id":6652,"date":"2025-10-16T12:02:01","date_gmt":"2025-10-16T09:02:01","guid":{"rendered":"http:\/\/www.arkaraf.com\/kitap\/gec-kaliyorsun-ferudun-cinar"},"modified":"2025-10-16T12:02:32","modified_gmt":"2025-10-16T09:02:32","slug":"gec-kaliyorsun-ferudun-cinar","status":"publish","type":"product","link":"http:\/\/www.arkaraf.com\/en\/kitap\/gec-kaliyorsun-ferudun-cinar","title":{"rendered":"Ge\u00e7 Kal\u0131yorsun &#8211; Ferudun \u00c7\u0131nar"},"content":{"rendered":"<p>Her ya\u015fta \u00f6mr\u00fcn\u00fcn son \u00e7eyre\u011finde olan insan, hayat\u0131n bir par\u00e7as\u0131 olan \u00f6l\u00fcme do\u011fru h\u0131zla yol al\u0131rken kendisine, \u201cAcele etme! Ge\u00e7 kal\u0131yorsun\u2026\u201d ikaz\u0131n\u0131 yap\u0131p, \u201cBu gidi\u015f nereye\u2026\u201d diye sormayacak m\u0131?<\/p>\n<p>Bu kitap, giri\u015f-geli\u015fme-sonu\u00e7 \u00fc\u00e7genine hapsedilmeden; H\u0130KROM (Hik\u00e2ye-Roman) tarz\u0131nda yaz\u0131lm\u0131\u015ft\u0131r. \u201cBitti\u201d kelimesine vas\u0131l olundu\u011funda, \u201cZaman H\u0131rs\u0131z\u0131\u201d olmad\u0131\u011f\u0131 g\u00f6r\u00fclecektir. Okuyucunun engin ferasetine duyulan sayg\u0131dan dolay\u0131 her bir hik\u00e2ye ve vaka, birer \u201c\u0130\u015faret Levhas\u0131\u201d olarak sunulmu\u015f; d\u00fc\u015f\u00fcnceleri dikte eden yorumlardan ka\u00e7\u0131n\u0131lm\u0131\u015ft\u0131r\u2026<\/p>\n<p>Zehri alt\u0131n tasta bal, \u015fifay\u0131 bak\u0131r tasta sirke diye sunarlar. Zarf\u0131 dikkate al\u0131rsan hayattan olur, mazrufu dikkate al\u0131rsan hayat bulursun\u2026<\/p>","protected":false},"excerpt":{"rendered":"<p>Her ya\u015fta \u00f6mr\u00fcn\u00fcn son \u00e7eyre\u011finde olan insan, hayat\u0131n bir par\u00e7as\u0131 olan \u00f6l\u00fcme do\u011fru h\u0131zla yol al\u0131rken kendisine, \u201cAcele etme! Ge\u00e7 kal\u0131yorsun\u2026\u201d ikaz\u0131n\u0131 yap\u0131p, \u201cBu gidi\u015f nereye\u2026\u201d diye sormayacak m\u0131? Bu kitap, giri\u015f-geli\u015fme-sonu\u00e7 \u00fc\u00e7genine hapsedilmeden; H\u0130KROM (Hik\u00e2ye-Roman) tarz\u0131nda yaz\u0131lm\u0131\u015ft\u0131r. \u201cBitti\u201d kelimesine vas\u0131l olundu\u011funda, \u201cZaman H\u0131rs\u0131z\u0131\u201d olmad\u0131\u011f\u0131 g\u00f6r\u00fclecektir. Okuyucunun engin ferasetine duyulan sayg\u0131dan dolay\u0131 her bir hik\u00e2ye [&hellip;]<\/p>\n","protected":false},"featured_media":6653,"comment_status":"closed","ping_status":"open","template":"","meta":{"inline_featured_image":false},"product_cat":[1019,1033],"product_tag":[],"class_list":{"0":"post-6652","1":"product","2":"type-product","3":"status-publish","4":"has-post-thumbnail","6":"product_cat-edebiyat","7":"product_cat-roman","8":"pa_boyut-135-x-195-cm","9":"pa_dil-turkce","10":"pa_sayfa-sayisi-366","11":"pa_yayin-tarihi-6-24-2022","12":"pa_yazar-ferudun-cinar","14":"first","15":"instock","16":"sale","17":"purchasable","18":"product-type-simple"},"_links":{"self":[{"href":"http:\/\/www.arkaraf.com\/en\/wp-json\/wp\/v2\/product\/6652","targetHints":{"allow":["GET"]}}],"collection":[{"href":"http:\/\/www.arkaraf.com\/en\/wp-json\/wp\/v2\/product"}],"about":[{"href":"http:\/\/www.arkaraf.com\/en\/wp-json\/wp\/v2\/types\/product"}],"replies":[{"embeddable":true,"href":"http:\/\/www.arkaraf.com\/en\/wp-json\/wp\/v2\/comments?post=6652"}],"wp:featuredmedia":[{"embeddable":true,"href":"http:\/\/www.arkaraf.com\/en\/wp-json\/wp\/v2\/media\/6653"}],"wp:attachment":[{"href":"http:\/\/www.arkaraf.com\/en\/wp-json\/wp\/v2\/media?parent=6652"}],"wp:term":[{"taxonomy":"product_cat","embeddable":true,"href":"http:\/\/www.arkaraf.com\/en\/wp-json\/wp\/v2\/product_cat?post=6652"},{"taxonomy":"product_tag","embeddable":true,"href":"http:\/\/www.arkaraf.com\/en\/wp-json\/wp\/v2\/product_tag?post=6652"}],"curies":[{"name":"wp","href":"https:\/\/api.w.org\/{rel}","templated":true}]}}